{"id":477,"date":"2018-01-09T10:45:01","date_gmt":"2018-01-09T09:45:01","guid":{"rendered":"https:\/\/localhost\/?page_id=477"},"modified":"2024-02-22T08:27:14","modified_gmt":"2024-02-22T07:27:14","slug":"politica-de-privacidad","status":"publish","type":"page","link":"https:\/\/summecosmetics.es\/es\/politica-de-privacidad\/","title":{"rendered":"Pol\u00edtica de privacidad"},"content":{"rendered":"<p>La confidencialidad y la seguridad son valores primordiales de SUMMECOSMETICS y, en consecuencia, asumimos el compromiso de garantizar la privacidad del Usuario en todo momento y de no recabar informaci\u00f3n innecesaria. A continuaci\u00f3n, le proporcionamos toda la informaci\u00f3n necesaria sobre nuestra Pol\u00edtica de Privacidad en relaci\u00f3n con los datos personales que recabamos, explic\u00e1ndole:<\/p>\n<ul>\n<li>Qui\u00e9n es el responsable del tratamiento de sus datos.<\/li>\n<li>Para qu\u00e9 finalidades recabamos los datos que le solicitamos.<\/li>\n<li>Cu\u00e1l es la legitimaci\u00f3n para su tratamiento.<\/li>\n<li>Durante cu\u00e1nto tiempo los conservamos.<\/li>\n<li>A qu\u00e9 destinatarios se comunican sus datos.<\/li>\n<li>Cu\u00e1les son sus derechos.<\/li>\n<\/ul>\n<ol start=\"1\">\n<li>\n<h3>Responsable:<\/h3>\n<p>INICIATIVA SUMME, S.L. (B25714346)<\/p>\n<p>POLIG. CAMI DELS FRARES, C\/B<\/p>\n<p>25190 Lleida<\/p>\n<p><a href=\"mailto:info@summecosmetics.es\">info@summecosmetics.es<\/a><\/li>\n<li>\n<h3>Finalidades, legitimaci\u00f3n y conservaci\u00f3n de los tratamientos de los datos enviados a trav\u00e9s de:<\/h3>\n<ul>\n<li>FORMULARIO DE CONTACTO.<strong>Finalidad:<\/strong> Facilitarle un medio para que pueda ponerse en contacto con nosotros y contestar a sus solicitudes de informaci\u00f3n, as\u00ed como enviarle comunicaciones de nuestros productos, servicios y actividades, inclusive por medios electr\u00f3nicos, si marca la casilla de aceptaci\u00f3n.\n<p><strong>Legitimaci\u00f3n:<\/strong> El consentimiento del usuario al solicitarnos informaci\u00f3n a trav\u00e9s de nuestro formulario de contacto y al marcar la casilla de aceptaci\u00f3n de env\u00edo de informaci\u00f3n.<\/p>\n<p><strong>Conservaci\u00f3n:<\/strong> Hasta una vez resuelta su solicitud por medio de nuestro formulario o contestada por correo electr\u00f3nico, si no ha generado un nuevo tratamiento. En caso de haber aceptado recibir env\u00edos comerciales, hasta que solicite la baja de los mismos.<\/li>\n<li>ENV\u00cdO DE CORREOS ELECTR\u00d3NICOS.<strong>Finalidad:<\/strong> Contestar a sus solicitudes de informaci\u00f3n, atender sus peticiones y responder sus consultas o dudas.\n<p><strong>Legitimaci\u00f3n:<\/strong> El consentimiento del usuario al solicitarnos informaci\u00f3n a trav\u00e9s de la direcci\u00f3n de correo electr\u00f3nico.<\/p>\n<p><strong>Conservaci\u00f3n:<\/strong> Hasta una vez contestada su petici\u00f3n por correo electr\u00f3nico, si no ha generado un nuevo tratamiento.<\/li>\n<li>ENV\u00cdO DEL CURR\u00cdCULUM VITAE POR CORREO.<strong>Finalidad:<\/strong> Disponer de su curr\u00edculum para participar en nuestros procesos de selecci\u00f3n de personal.\n<p><strong>Legitimaci\u00f3n:<\/strong> El consentimiento del usuario al remitirnos su informaci\u00f3n personal y curr\u00edculum para nuestros procesos de selecci\u00f3n de personal.<\/p>\n<p><strong>Conservaci\u00f3n:<\/strong> Durante el desarrollo de los procesos de selecci\u00f3n de personal abiertos y durante 1 a\u00f1o para futuros procesos.<\/li>\n<li>SUSCRIPCI\u00d3N A NUESTRA NEWSLETTER<strong>Finalidad:<\/strong> Env\u00edo de nuestro bolet\u00edn comercial y de comunicaciones informativas y publicitarias sobre nuestros productos o servicios que sean de su inter\u00e9s, incluso por medios electr\u00f3nicos.\n<p><strong>Legitimaci\u00f3n:<\/strong> El consentimiento del usuario al suscribirse a nuestros env\u00edos comerciales y\/o newsletters.<\/p>\n<p><strong>Conservaci\u00f3n:<\/strong> Hasta que el interesado revoque el consentimiento y solicite la baja del servicio.<\/p>\n<p><strong>Obligaci\u00f3n de facilitarnos sus datos personales y consecuencias de no hacerlo.<\/strong><\/p>\n<p>El suministro de datos personales requiere una edad m\u00ednima de 14 a\u00f1os, o en su caso, disponer de capacidad jur\u00eddica suficiente para contratar.<\/p>\n<p>Los datos personales solicitados son necesarios para gestionar sus solicitudes y\/o prestarle los servicios que pueda contratar, por lo que, si no nos los facilita, no podremos atenderle correctamente ni prestarle el servicio que ha solicitado.<\/li>\n<\/ul>\n<\/li>\n<li>\n<h3>Destinatarios de sus datos<\/h3>\n<p>Sus datos son confidenciales y no se ceder\u00e1n a terceros, salvo que exista obligaci\u00f3n legal.<\/li>\n<li>\n<h3>Derechos en relaci\u00f3n con sus datos personales<\/h3>\n<p>Cualquier persona puede retirar su consentimiento en cualquier momento, cuando el mismo se haya otorgado para el tratamiento de sus datos. En ning\u00fan caso, la retirada de este consentimiento condiciona la ejecuci\u00f3n del contrato de suscripci\u00f3n o las relaciones generadas con anterioridad.<\/p>\n<p>Igualmente, puede ejercer los siguientes derechos:<\/p>\n<ul>\n<li>Solicitar el acceso a sus datos personales o su rectificaci\u00f3n cuando sean inexactos.<\/li>\n<li>Solicitar su supresi\u00f3n cuando, entre otros motivos, los datos ya no sean necesarios para los fines para los que fueron recogidos.<\/li>\n<li>Solicitar la limitaci\u00f3n de su tratamiento en determinadas circunstancias.<\/li>\n<li>Solicitar la oposici\u00f3n al tratamiento de sus datos por motivos relacionados con su situaci\u00f3n particular.<\/li>\n<li>Solicitar la portabilidad de los datos en los casos previstos en la normativa.<\/li>\n<li>Otros derechos reconocidos en las normativas aplicables.<\/li>\n<\/ul>\n<p>D\u00f3nde y c\u00f3mo solicitar sus Derechos: Mediante un escrito dirigido al responsable a su direcci\u00f3n postal o electr\u00f3nica (indicadas en el apartado A), indicando la referencia \u201cDatos Personales\u201d, especificando el derecho que se quiere ejercer y respecto a qu\u00e9 datos personales.<\/p>\n<p>En caso de divergencias con la empresa en relaci\u00f3n con el tratamiento de sus datos, puede presentar una reclamaci\u00f3n ante la Autoridad de Protecci\u00f3n de Datos (<a href=\"http:\/\/www.agpd.es\/\">www.agpd.es<\/a>).<\/li>\n<li>\n<h3>Cookies<\/h3>\n<p>Esta p\u00e1gina web \u00fanicamente utiliza cookies que permiten el funcionamiento y la prestaci\u00f3n de los servicios ofrecidos en la misma y en su caso cookies propias con la \u00fanica finalidad de medir las audiencias de esta y por tanto consideradas exentas de consentimiento. Por ello, no se requiere, de acuerdo con el art\u00edculo 22 de la Ley de Servicios de la Sociedad de la Informaci\u00f3n, su consentimiento para su instalaci\u00f3n.<\/li>\n<li>\n<h3>Seguridad de sus datos personales<\/h3>\n<p>Con el objetivo de salvaguardar la seguridad de sus datos personales, le informamos que hemos adoptado todas las medidas de \u00edndole t\u00e9cnica y organizativa necesarias para garantizar la seguridad de los datos personales suministrados de su alteraci\u00f3n, p\u00e9rdida, y tratamientos o accesos no autorizados.<\/li>\n<li>\n<h3>Actualizaci\u00f3n de sus datos<\/h3>\n<p>Es importante que para que podamos mantener sus datos personales actualizados, nos informe siempre que haya habido alguna modificaci\u00f3n en ellos, en caso contrario, no respondemos de la veracidad de los mismos.<\/p>\n<p>No nos hacemos responsables de la pol\u00edtica de privacidad respecto a los datos personales que pueda facilitar a terceros por medio de los enlaces disponibles en nuestra p\u00e1gina web.<\/p>\n<p>La presente Pol\u00edtica de Privacidad puede ser modificada para adaptarlas a los cambios que se produzca en nuestra web, as\u00ed como modificaciones legislativas o jurisprudenciales sobre datos personales que vayan apareciendo, por lo que exige su lectura, cada vez que nos facilite sus datos a trav\u00e9s de esta Web.<\/li>\n<\/ol>\n","protected":false},"excerpt":{"rendered":"<p>La confidencialidad y la seguridad son valores primordiales de SUMMECOSMETICS y, en consecuencia, asumimos el compromiso de garantizar la privacidad del Usuario en todo momento y de no recabar informaci\u00f3n innecesaria. A continuaci\u00f3n, le proporcionamos toda la informaci\u00f3n necesaria sobre nuestra Pol\u00edtica de Privacidad en relaci\u00f3n con los datos personales que recabamos, explic\u00e1ndole: Qui\u00e9n es [&hellip;]<\/p>\n","protected":false},"author":1,"featured_media":0,"parent":0,"menu_order":0,"comment_status":"closed","ping_status":"closed","template":"template-fullwidth.php","meta":{"_acf_changed":false,"inline_featured_image":false,"footnotes":""},"class_list":["post-477","page","type-page","status-publish","hentry"],"acf":[],"yoast_head":"<!-- This site is optimized with the Yoast SEO plugin v26.3 - https:\/\/yoast.com\/wordpress\/plugins\/seo\/ -->\n<title>Pol\u00edtica de privacidad - Summecosmetics<\/title>\n<meta name=\"robots\" content=\"noindex, follow\" \/>\n<meta property=\"og:locale\" content=\"es_ES\" \/>\n<meta property=\"og:type\" content=\"article\" \/>\n<meta property=\"og:title\" content=\"Pol\u00edtica de privacidad - Summecosmetics\" \/>\n<meta property=\"og:description\" content=\"La confidencialidad y la seguridad son valores primordiales de SUMMECOSMETICS y, en consecuencia, asumimos el compromiso de garantizar la privacidad del Usuario en todo momento y de no recabar informaci\u00f3n innecesaria. A continuaci\u00f3n, le proporcionamos toda la informaci\u00f3n necesaria sobre nuestra Pol\u00edtica de Privacidad en relaci\u00f3n con los datos personales que recabamos, explic\u00e1ndole: Qui\u00e9n es [&hellip;]\" \/>\n<meta property=\"og:url\" content=\"https:\/\/summecosmetics.es\/es\/politica-de-privacidad\/\" \/>\n<meta property=\"og:site_name\" content=\"Summecosmetics\" \/>\n<meta property=\"article:publisher\" content=\"https:\/\/www.facebook.com\/summecosmetics\/\" \/>\n<meta property=\"article:modified_time\" content=\"2024-02-22T07:27:14+00:00\" \/>\n<meta name=\"twitter:card\" content=\"summary_large_image\" \/>\n<meta name=\"twitter:label1\" content=\"Tiempo de lectura\" \/>\n\t<meta name=\"twitter:data1\" content=\"5 minutos\" \/>\n<script type=\"application\/ld+json\" class=\"yoast-schema-graph\">{\"@context\":\"https:\/\/schema.org\",\"@graph\":[{\"@type\":\"WebPage\",\"@id\":\"https:\/\/summecosmetics.es\/es\/politica-de-privacidad\/\",\"url\":\"https:\/\/summecosmetics.es\/es\/politica-de-privacidad\/\",\"name\":\"Pol\u00edtica de privacidad - Summecosmetics\",\"isPartOf\":{\"@id\":\"https:\/\/summecosmetics.es\/es\/#website\"},\"datePublished\":\"2018-01-09T09:45:01+00:00\",\"dateModified\":\"2024-02-22T07:27:14+00:00\",\"breadcrumb\":{\"@id\":\"https:\/\/summecosmetics.es\/es\/politica-de-privacidad\/#breadcrumb\"},\"inLanguage\":\"es\",\"potentialAction\":[{\"@type\":\"ReadAction\",\"target\":[\"https:\/\/summecosmetics.es\/es\/politica-de-privacidad\/\"]}]},{\"@type\":\"BreadcrumbList\",\"@id\":\"https:\/\/summecosmetics.es\/es\/politica-de-privacidad\/#breadcrumb\",\"itemListElement\":[{\"@type\":\"ListItem\",\"position\":1,\"name\":\"Home\",\"item\":\"https:\/\/summecosmetics.es\/es\/\"},{\"@type\":\"ListItem\",\"position\":2,\"name\":\"Pol\u00edtica de privacidad\"}]},{\"@type\":\"WebSite\",\"@id\":\"https:\/\/summecosmetics.es\/es\/#website\",\"url\":\"https:\/\/summecosmetics.es\/es\/\",\"name\":\"Summecosmetics\",\"description\":\"\",\"publisher\":{\"@id\":\"https:\/\/summecosmetics.es\/es\/#organization\"},\"potentialAction\":[{\"@type\":\"SearchAction\",\"target\":{\"@type\":\"EntryPoint\",\"urlTemplate\":\"https:\/\/summecosmetics.es\/es\/?s={search_term_string}\"},\"query-input\":{\"@type\":\"PropertyValueSpecification\",\"valueRequired\":true,\"valueName\":\"search_term_string\"}}],\"inLanguage\":\"es\"},{\"@type\":\"Organization\",\"@id\":\"https:\/\/summecosmetics.es\/es\/#organization\",\"name\":\"Summecosmetics\",\"url\":\"https:\/\/summecosmetics.es\/es\/\",\"logo\":{\"@type\":\"ImageObject\",\"inLanguage\":\"es\",\"@id\":\"https:\/\/summecosmetics.es\/es\/#\/schema\/logo\/image\/\",\"url\":\"https:\/\/summecosmetics.es\/wp-content\/uploads\/2018\/01\/logo_sume_pdf.png\",\"contentUrl\":\"https:\/\/summecosmetics.es\/wp-content\/uploads\/2018\/01\/logo_sume_pdf.png\",\"width\":800,\"height\":519,\"caption\":\"Summecosmetics\"},\"image\":{\"@id\":\"https:\/\/summecosmetics.es\/es\/#\/schema\/logo\/image\/\"},\"sameAs\":[\"https:\/\/www.facebook.com\/summecosmetics\/\",\"https:\/\/www.instagram.com\/summecosmetics\/\",\"https:\/\/www.pinterest.es\/summe2010\/\",\"https:\/\/www.youtube.com\/channel\/UCH8VKM8-QvCmbt0n02xSODg\"]}]}<\/script>\n<!-- \/ Yoast SEO plugin. -->","yoast_head_json":{"title":"Pol\u00edtica de privacidad - Summecosmetics","robots":{"index":"noindex","follow":"follow"},"og_locale":"es_ES","og_type":"article","og_title":"Pol\u00edtica de privacidad - Summecosmetics","og_description":"La confidencialidad y la seguridad son valores primordiales de SUMMECOSMETICS y, en consecuencia, asumimos el compromiso de garantizar la privacidad del Usuario en todo momento y de no recabar informaci\u00f3n innecesaria. A continuaci\u00f3n, le proporcionamos toda la informaci\u00f3n necesaria sobre nuestra Pol\u00edtica de Privacidad en relaci\u00f3n con los datos personales que recabamos, explic\u00e1ndole: Qui\u00e9n es [&hellip;]","og_url":"https:\/\/summecosmetics.es\/es\/politica-de-privacidad\/","og_site_name":"Summecosmetics","article_publisher":"https:\/\/www.facebook.com\/summecosmetics\/","article_modified_time":"2024-02-22T07:27:14+00:00","twitter_card":"summary_large_image","twitter_misc":{"Tiempo de lectura":"5 minutos"},"schema":{"@context":"https:\/\/schema.org","@graph":[{"@type":"WebPage","@id":"https:\/\/summecosmetics.es\/es\/politica-de-privacidad\/","url":"https:\/\/summecosmetics.es\/es\/politica-de-privacidad\/","name":"Pol\u00edtica de privacidad - Summecosmetics","isPartOf":{"@id":"https:\/\/summecosmetics.es\/es\/#website"},"datePublished":"2018-01-09T09:45:01+00:00","dateModified":"2024-02-22T07:27:14+00:00","breadcrumb":{"@id":"https:\/\/summecosmetics.es\/es\/politica-de-privacidad\/#breadcrumb"},"inLanguage":"es","potentialAction":[{"@type":"ReadAction","target":["https:\/\/summecosmetics.es\/es\/politica-de-privacidad\/"]}]},{"@type":"BreadcrumbList","@id":"https:\/\/summecosmetics.es\/es\/politica-de-privacidad\/#breadcrumb","itemListElement":[{"@type":"ListItem","position":1,"name":"Home","item":"https:\/\/summecosmetics.es\/es\/"},{"@type":"ListItem","position":2,"name":"Pol\u00edtica de privacidad"}]},{"@type":"WebSite","@id":"https:\/\/summecosmetics.es\/es\/#website","url":"https:\/\/summecosmetics.es\/es\/","name":"Summecosmetics","description":"","publisher":{"@id":"https:\/\/summecosmetics.es\/es\/#organization"},"potentialAction":[{"@type":"SearchAction","target":{"@type":"EntryPoint","urlTemplate":"https:\/\/summecosmetics.es\/es\/?s={search_term_string}"},"query-input":{"@type":"PropertyValueSpecification","valueRequired":true,"valueName":"search_term_string"}}],"inLanguage":"es"},{"@type":"Organization","@id":"https:\/\/summecosmetics.es\/es\/#organization","name":"Summecosmetics","url":"https:\/\/summecosmetics.es\/es\/","logo":{"@type":"ImageObject","inLanguage":"es","@id":"https:\/\/summecosmetics.es\/es\/#\/schema\/logo\/image\/","url":"https:\/\/summecosmetics.es\/wp-content\/uploads\/2018\/01\/logo_sume_pdf.png","contentUrl":"https:\/\/summecosmetics.es\/wp-content\/uploads\/2018\/01\/logo_sume_pdf.png","width":800,"height":519,"caption":"Summecosmetics"},"image":{"@id":"https:\/\/summecosmetics.es\/es\/#\/schema\/logo\/image\/"},"sameAs":["https:\/\/www.facebook.com\/summecosmetics\/","https:\/\/www.instagram.com\/summecosmetics\/","https:\/\/www.pinterest.es\/summe2010\/","https:\/\/www.youtube.com\/channel\/UCH8VKM8-QvCmbt0n02xSODg"]}]}},"_links":{"self":[{"href":"https:\/\/summecosmetics.es\/es\/wp-json\/wp\/v2\/pages\/477","targetHints":{"allow":["GET"]}}],"collection":[{"href":"https:\/\/summecosmetics.es\/es\/wp-json\/wp\/v2\/pages"}],"about":[{"href":"https:\/\/summecosmetics.es\/es\/wp-json\/wp\/v2\/types\/page"}],"author":[{"embeddable":true,"href":"https:\/\/summecosmetics.es\/es\/wp-json\/wp\/v2\/users\/1"}],"replies":[{"embeddable":true,"href":"https:\/\/summecosmetics.es\/es\/wp-json\/wp\/v2\/comments?post=477"}],"version-history":[{"count":4,"href":"https:\/\/summecosmetics.es\/es\/wp-json\/wp\/v2\/pages\/477\/revisions"}],"predecessor-version":[{"id":6944,"href":"https:\/\/summecosmetics.es\/es\/wp-json\/wp\/v2\/pages\/477\/revisions\/6944"}],"wp:attachment":[{"href":"https:\/\/summecosmetics.es\/es\/wp-json\/wp\/v2\/media?parent=477"}],"curies":[{"name":"wp","href":"https:\/\/api.w.org\/{rel}","templated":true}]}}